{"id":1323,"date":"2018-09-17T08:49:13","date_gmt":"2018-09-17T08:49:13","guid":{"rendered":"http:\/\/muenchenfriseur.com\/?page_id=1323"},"modified":"2025-08-16T12:26:08","modified_gmt":"2025-08-16T12:26:08","slug":"impressum","status":"publish","type":"page","link":"https:\/\/arbuti.com\/hu\/impresszum\/","title":{"rendered":"IMPRINT"},"content":{"rendered":"<p><b style=\"font-size: 1rem;\">A tartalom\u00e9rt felel\u0151s:<\/b><\/p>\n<p><a href=\"https:\/\/arbuti.com\/wp-content\/uploads\/2025\/08\/Addy-01.jpg\"><img loading=\"lazy\" decoding=\"async\" class=\"alignnone wp-image-14751\" src=\"https:\/\/arbuti.com\/wp-content\/uploads\/2025\/08\/Addy-01.jpg\" alt=\"\" width=\"131\" height=\"82\" srcset=\"https:\/\/arbuti.com\/wp-content\/uploads\/2025\/08\/Addy-01.jpg 370w, https:\/\/arbuti.com\/wp-content\/uploads\/2025\/08\/Addy-01-300x187.jpg 300w, https:\/\/arbuti.com\/wp-content\/uploads\/2025\/08\/Addy-01-18x12.jpg 18w, https:\/\/arbuti.com\/wp-content\/uploads\/2025\/08\/Addy-01-320x200.jpg 320w\" sizes=\"auto, (max-width: 131px) 100vw, 131px\" \/><\/a><\/p>\n<p>H\u00c9A-azonos\u00edt\u00f3sz\u00e1m: DE308046984<\/p>\n<p><strong>Alternat\u00edv vitarendez\u00e9s:<\/strong><\/p>\n<p>Az Eur\u00f3pai Bizotts\u00e1g platformot biztos\u00edt a b\u00edr\u00f3s\u00e1gon k\u00edv\u00fcli online vitarendez\u00e9shez (ODR-platform), amely a k\u00f6vetkez\u0151 c\u00edmen \u00e9rhet\u0151 el\u00a0<a href=\"https:\/\/ec.europa.eu\/odr\" target=\"_blank\" rel=\"noopener noreferrer\">https:\/\/ec.europa.eu\/odr<\/a>.<\/p>\n<p><b>K\u00e9p kreditpontok<br \/>\n<\/b>K\u00e9pek - Arbuti<br \/>\nK\u00e9pek - Shutterstock.com<br \/>\npaulynn\/shutterstock.com<br \/>\nLightFieldStudios\/shutterstock.com<br \/>\nnelen\/shutterstock.com<br \/>\nshotPrimeStudio\/shutterstock.com<br \/>\nbitt24\/shutterstock.com<br \/>\nnewAfrica\/shutterstock.com<\/p>\n<p><strong>Felel\u0151ss\u00e9gi nyilatkozat<br \/>\n<\/strong>A weboldal tartalma a lehet\u0151 legnagyobb gondoss\u00e1ggal k\u00e9sz\u00fclt. Az Arbuti Hair Salon azonban nem v\u00e1llal felel\u0151ss\u00e9get a tartalom pontoss\u00e1g\u00e1\u00e9rt, teljess\u00e9g\u00e9\u00e9rt \u00e9s naprak\u00e9szs\u00e9g\u00e9\u00e9rt. A weboldal tartalm\u00e1nak haszn\u00e1lata a felhaszn\u00e1l\u00f3 saj\u00e1t felel\u0151ss\u00e9g\u00e9re t\u00f6rt\u00e9nik.<\/p>\n<p>1. k\u00fcls\u0151 linkek:<br \/>\nA harmadik felek weboldalaira mutat\u00f3 k\u00fcls\u0151 linkek (\"k\u00fcls\u0151 linkek\") eset\u00e9ben ezek a weboldalak az adott \u00fczemeltet\u0151k felel\u0151ss\u00e9ge al\u00e1 tartoznak. A k\u00fcls\u0151 hivatkoz\u00e1sok l\u00e9trehoz\u00e1sakor a szolg\u00e1ltat\u00f3 ellen\u0151rizte a k\u00fcls\u0151 tartalmakat, hogy nem s\u00e9rtik-e a jogszab\u00e1lyokat. Abban az id\u0151pontban nem volt nyilv\u00e1nval\u00f3 a t\u00f6rv\u00e9nys\u00e9rt\u00e9s. A szolg\u00e1ltat\u00f3nak nincs befoly\u00e1sa a hivatkozott oldalak jelenlegi \u00e9s j\u00f6v\u0151beli kialak\u00edt\u00e1s\u00e1ra \u00e9s tartalm\u00e1ra. A k\u00fcls\u0151 linkek felt\u00fcntet\u00e9se nem jelenti azt, hogy a szolg\u00e1ltat\u00f3 a hivatkoz\u00e1s vagy link m\u00f6g\u00f6tt \u00e1ll\u00f3 tartalmat mag\u00e1\u00e9nak tekinti. A szolg\u00e1ltat\u00f3 sz\u00e1m\u00e1ra nem \u00e9sszer\u0171 a k\u00fcls\u0151 linkek folyamatos ellen\u0151rz\u00e9se a jogi jogs\u00e9rt\u00e9sekre utal\u00f3 konkr\u00e9t jelek n\u00e9lk\u00fcl. Ha azonban jogi jogs\u00e9rt\u00e9sekr\u0151l szereznek tudom\u00e1st, az ilyen k\u00fcls\u0151 linkeket azonnal t\u00f6r\u00f6lj\u00fck.<\/p>\n<p>2. szerz\u0151i \u00e9s szomsz\u00e9dos jogok | \u00a9 copyright:<br \/>\nA weboldalon k\u00f6zz\u00e9tett tartalmak a n\u00e9met szerz\u0151i \u00e9s szomsz\u00e9dos szerz\u0151i jog hat\u00e1lya al\u00e1 tartoznak. A n\u00e9met szerz\u0151i \u00e9s szomsz\u00e9dos jogi t\u00f6rv\u00e9nyek \u00e1ltal nem megengedett felhaszn\u00e1l\u00e1shoz a szolg\u00e1ltat\u00f3 vagy az adott jogtulajdonos el\u0151zetes \u00edr\u00e1sbeli hozz\u00e1j\u00e1rul\u00e1sa sz\u00fcks\u00e9ges. Ez k\u00fcl\u00f6n\u00f6sen vonatkozik a tartalom m\u00e1sol\u00e1s\u00e1ra, szerkeszt\u00e9s\u00e9re, ford\u00edt\u00e1s\u00e1ra, t\u00e1rol\u00e1s\u00e1ra, feldolgoz\u00e1s\u00e1ra vagy sokszoros\u00edt\u00e1s\u00e1ra adatb\u00e1zisokban vagy m\u00e1s elektronikus adathordoz\u00f3kon \u00e9s rendszerekben. Az egyes tartalmak vagy teljes oldalak enged\u00e9ly n\u00e9lk\u00fcli reproduk\u00e1l\u00e1sa vagy tov\u00e1bb\u00edt\u00e1sa tilos \u00e9s b\u00fcntetend\u0151. Kiz\u00e1r\u00f3lag szem\u00e9lyes, mag\u00e1njelleg\u0171 \u00e9s nem kereskedelmi c\u00e9l\u00fa m\u00e1solatok \u00e9s let\u00f6lt\u00e9sek k\u00e9sz\u00edt\u00e9se enged\u00e9lyezett. A weboldal k\u00fcls\u0151 keretekben t\u00f6rt\u00e9n\u0151 megjelen\u00edt\u00e9se csak \u00edr\u00e1sos enged\u00e9llyel enged\u00e9lyezett.<\/p>\n<p>3. adatv\u00e9delem<br \/>\nA szolg\u00e1ltat\u00f3 weboldal\u00e1nak megl\u00e1togat\u00e1sakor a hozz\u00e1f\u00e9r\u00e9ssel kapcsolatos inform\u00e1ci\u00f3k (d\u00e1tum, id\u0151pont, megtekintett oldal) t\u00e1rolhat\u00f3k. Ezek az adatok nem tartoznak a szem\u00e9lyes adatok k\u00f6z\u00e9, hanem anonimiz\u00e1ltak. Ezeket kiz\u00e1r\u00f3lag statisztikai c\u00e9lokra \u00e9rt\u00e9kelik. Nem adjuk tov\u00e1bb harmadik f\u00e9lnek kereskedelmi vagy nem kereskedelmi c\u00e9lokra. A szolg\u00e1ltat\u00f3 kifejezetten felh\u00edvja a figyelmet arra, hogy az interneten t\u00f6rt\u00e9n\u0151 adattov\u00e1bb\u00edt\u00e1s (pl. az e-mailben t\u00f6rt\u00e9n\u0151 kommunik\u00e1ci\u00f3) biztons\u00e1gi r\u00e9sekkel j\u00e1r, \u00e9s nem v\u00e9dhet\u0151 meg teljes m\u00e9rt\u00e9kben a harmadik felek hozz\u00e1f\u00e9r\u00e9se ellen.<\/p>\n<p>Az impresszum el\u00e9rhet\u0151s\u00e9gi adatainak kereskedelmi c\u00e9l\u00fa rekl\u00e1moz\u00e1sra t\u00f6rt\u00e9n\u0151 felhaszn\u00e1l\u00e1sa kifejezetten nem k\u00edv\u00e1natos, kiv\u00e9ve, ha a szolg\u00e1ltat\u00f3 ehhez kor\u00e1bban \u00edr\u00e1sban hozz\u00e1j\u00e1rult, vagy ha m\u00e1r l\u00e9tezik \u00fczleti kapcsolat. A szolg\u00e1ltat\u00f3 \u00e9s a weboldalon megnevezett valamennyi szem\u00e9ly tiltakozik az adataik kereskedelmi c\u00e9l\u00fa felhaszn\u00e1l\u00e1sa \u00e9s nyilv\u00e1noss\u00e1gra hozatala ellen.<\/p>\n<p>4. k\u00fcl\u00f6nleges felhaszn\u00e1l\u00e1si felt\u00e9telek<br \/>\nAmennyiben a weboldal egyedi haszn\u00e1lat\u00e1ra vonatkoz\u00f3 k\u00fcl\u00f6nleges felt\u00e9telek elt\u00e9rnek a fent eml\u00edtett 1-4. sz\u00e1mokt\u00f3l, ezt a megfelel\u0151 helyen kifejezetten jelezz\u00fck. Ebben az esetben az adott egyedi esetben a k\u00fcl\u00f6nleges felhaszn\u00e1l\u00e1si felt\u00e9telek alkalmazand\u00f3k.<\/p>","protected":false},"excerpt":{"rendered":"<p>Verantwortlich f\u00fcr den Inhalt: Ust-IdNr.: DE308046984 Alternative Streitbeilegung: Die Europ\u00e4ische Kommission stellt eine Plattform f\u00fcr die au\u00dfergerichtliche Online-Streitbeilegung (OS-Plattform) bereit, [&hellip;]<\/p>","protected":false},"author":1,"featured_media":0,"parent":0,"menu_order":0,"comment_status":"closed","ping_status":"closed","template":"","meta":{"ub_ctt_via":"","_uag_custom_page_level_css":"","site-sidebar-layout":"default","site-content-layout":"default","ast-site-content-layout":"default","site-content-style":"default","site-sidebar-style":"default","ast-global-header-display":"","ast-banner-title-visibility":"","ast-main-header-display":"","ast-hfb-above-header-display":"","ast-hfb-below-header-display":"","ast-hfb-mobile-header-display":"","site-post-title":"","ast-breadcrumbs-content":"","ast-featured-img":"","footer-sml-layout":"","theme-transparent-header-meta":"default","adv-header-id-meta":"","stick-header-meta":"default","header-above-stick-meta":"","header-main-stick-meta":"","header-below-stick-meta":"","astra-migrate-meta-layouts":"set","ast-page-background-enabled":"default","ast-page-background-meta":{"desktop":{"background-color":"","background-image":"","background-repeat":"repeat","background-position":"center center","background-size":"auto","background-attachment":"scroll","background-type":"","background-media":"","overlay-type":"","overlay-color":"","overlay-opacity":"","overlay-gradient":""},"tablet":{"background-color":"","background-image":"","background-repeat":"repeat","background-position":"center center","background-size":"auto","background-attachment":"scroll","background-type":"","background-media":"","overlay-type":"","overlay-color":"","overlay-opacity":"","overlay-gradient":""},"mobile":{"background-color":"","background-image":"","background-repeat":"repeat","background-position":"center center","background-size":"auto","background-attachment":"scroll","background-type":"","background-media":"","overlay-type":"","overlay-color":"","overlay-opacity":"","overlay-gradient":""}},"ast-content-background-meta":{"desktop":{"background-color":"var(--ast-global-color-5)","background-image":"","background-repeat":"repeat","background-position":"center center","background-size":"auto","background-attachment":"scroll","background-type":"","background-media":"","overlay-type":"","overlay-color":"","overlay-opacity":"","overlay-gradient":""},"tablet":{"background-color":"var(--ast-global-color-5)","background-image":"","background-repeat":"repeat","background-position":"center center","background-size":"auto","background-attachment":"scroll","background-type":"","background-media":"","overlay-type":"","overlay-color":"","overlay-opacity":"","overlay-gradient":""},"mobile":{"background-color":"var(--ast-global-color-5)","background-image":"","background-repeat":"repeat","background-position":"center center","background-size":"auto","background-attachment":"scroll","background-type":"","background-media":"","overlay-type":"","overlay-color":"","overlay-opacity":"","overlay-gradient":""}},"footnotes":""},"class_list":["post-1323","page","type-page","status-publish","hentry"],"featured_image_src":null,"yoast_head":"<!-- This site is optimized with the Yoast SEO Premium plugin v25.3 (Yoast SEO v25.3) - https:\/\/yoast.com\/wordpress\/plugins\/seo\/ -->\n<title>IMPRESSUM - ARBUTI Hair Salon<\/title>\n<meta name=\"robots\" content=\"index, follow, max-snippet:-1, max-image-preview:large, max-video-preview:-1\" \/>\n<link rel=\"canonical\" href=\"https:\/\/arbuti.com\/hu\/impresszum\/\" \/>\n<meta property=\"og:locale\" content=\"hu_HU\" \/>\n<meta property=\"og:type\" content=\"article\" \/>\n<meta property=\"og:title\" content=\"IMPRESSUM\" \/>\n<meta property=\"og:description\" content=\"Verantwortlich f\u00fcr den Inhalt: Ust-IdNr.: DE308046984 Alternative Streitbeilegung: Die Europ\u00e4ische Kommission stellt eine Plattform f\u00fcr die\" \/>\n<meta property=\"og:url\" content=\"https:\/\/arbuti.com\/hu\/impresszum\/\" \/>\n<meta property=\"og:site_name\" content=\"ARBUTI Hair Salon\" \/>\n<meta property=\"article:publisher\" content=\"https:\/\/www.facebook.com\/Arbutihairsalon\/\" \/>\n<meta property=\"article:modified_time\" content=\"2025-08-16T12:26:08+00:00\" \/>\n<meta property=\"og:image\" content=\"https:\/\/arbuti.com\/wp-content\/uploads\/2025\/08\/Addy-01.jpg\" \/>\n\t<meta property=\"og:image:width\" content=\"370\" \/>\n\t<meta property=\"og:image:height\" content=\"231\" \/>\n\t<meta property=\"og:image:type\" content=\"image\/jpeg\" \/>\n<meta name=\"twitter:card\" content=\"summary_large_image\" \/>\n<meta name=\"twitter:label1\" content=\"Becs\u00fclt olvas\u00e1si id\u0151\" \/>\n\t<meta name=\"twitter:data1\" content=\"3 perc\" \/>\n<script type=\"application\/ld+json\" class=\"yoast-schema-graph\">{\"@context\":\"https:\/\/schema.org\",\"@graph\":[{\"@type\":\"WebPage\",\"@id\":\"https:\/\/arbuti.com\/impressum\/\",\"url\":\"https:\/\/arbuti.com\/impressum\/\",\"name\":\"IMPRESSUM - ARBUTI Hair Salon\",\"isPartOf\":{\"@id\":\"https:\/\/arbuti.com\/fr\/#website\"},\"primaryImageOfPage\":{\"@id\":\"https:\/\/arbuti.com\/impressum\/#primaryimage\"},\"image\":{\"@id\":\"https:\/\/arbuti.com\/impressum\/#primaryimage\"},\"thumbnailUrl\":\"https:\/\/arbuti.com\/wp-content\/uploads\/2025\/08\/Addy-01.jpg\",\"datePublished\":\"2018-09-17T08:49:13+00:00\",\"dateModified\":\"2025-08-16T12:26:08+00:00\",\"breadcrumb\":{\"@id\":\"https:\/\/arbuti.com\/impressum\/#breadcrumb\"},\"inLanguage\":\"hu\",\"potentialAction\":[{\"@type\":\"ReadAction\",\"target\":[\"https:\/\/arbuti.com\/impressum\/\"]}]},{\"@type\":\"ImageObject\",\"inLanguage\":\"hu\",\"@id\":\"https:\/\/arbuti.com\/impressum\/#primaryimage\",\"url\":\"https:\/\/arbuti.com\/wp-content\/uploads\/2025\/08\/Addy-01.jpg\",\"contentUrl\":\"https:\/\/arbuti.com\/wp-content\/uploads\/2025\/08\/Addy-01.jpg\"},{\"@type\":\"BreadcrumbList\",\"@id\":\"https:\/\/arbuti.com\/impressum\/#breadcrumb\",\"itemListElement\":[{\"@type\":\"ListItem\",\"position\":1,\"name\":\"ARBUTI\",\"item\":\"https:\/\/arbuti.com\/\"},{\"@type\":\"ListItem\",\"position\":2,\"name\":\"IMPRESSUM\"}]},{\"@type\":\"WebSite\",\"@id\":\"https:\/\/arbuti.com\/fr\/#website\",\"url\":\"https:\/\/arbuti.com\/fr\/\",\"name\":\"ARBUTI Hair Salon\",\"description\":\"Friseur M\u00fcnchen\",\"publisher\":{\"@id\":\"https:\/\/arbuti.com\/fr\/#organization\"},\"alternateName\":\"ARBUTI\",\"potentialAction\":[{\"@type\":\"SearchAction\",\"target\":{\"@type\":\"EntryPoint\",\"urlTemplate\":\"https:\/\/arbuti.com\/fr\/?s={search_term_string}\"},\"query-input\":{\"@type\":\"PropertyValueSpecification\",\"valueRequired\":true,\"valueName\":\"search_term_string\"}}],\"inLanguage\":\"hu\"},{\"@type\":\"Organization\",\"@id\":\"https:\/\/arbuti.com\/fr\/#organization\",\"name\":\"ARBUTI Hair Salon\",\"alternateName\":\"ARBUTI\",\"url\":\"https:\/\/arbuti.com\/fr\/\",\"logo\":{\"@type\":\"ImageObject\",\"inLanguage\":\"hu\",\"@id\":\"https:\/\/arbuti.com\/fr\/#\/schema\/logo\/image\/\",\"url\":\"https:\/\/arbuti.com\/wp-content\/uploads\/2020\/04\/cropped-Arbuti-Friseur-Muenchen.jpg\",\"contentUrl\":\"https:\/\/arbuti.com\/wp-content\/uploads\/2020\/04\/cropped-Arbuti-Friseur-Muenchen.jpg\",\"width\":512,\"height\":512,\"caption\":\"ARBUTI Hair Salon\"},\"image\":{\"@id\":\"https:\/\/arbuti.com\/fr\/#\/schema\/logo\/image\/\"},\"sameAs\":[\"https:\/\/www.facebook.com\/Arbutihairsalon\/\",\"https:\/\/www.instagram.com\/arbutihairsalon\/\",\"https:\/\/www.pinterest.de\/arbutihairsalon\/arbuti-hair-salon\/\"]}]}<\/script>\n<!-- \/ Yoast SEO Premium plugin. -->","yoast_head_json":{"title":"IMPRESSUM - ARBUTI Hair Salon","robots":{"index":"index","follow":"follow","max-snippet":"max-snippet:-1","max-image-preview":"max-image-preview:large","max-video-preview":"max-video-preview:-1"},"canonical":"https:\/\/arbuti.com\/hu\/impresszum\/","og_locale":"hu_HU","og_type":"article","og_title":"IMPRESSUM","og_description":"Verantwortlich f\u00fcr den Inhalt: Ust-IdNr.: DE308046984 Alternative Streitbeilegung: Die Europ\u00e4ische Kommission stellt eine Plattform f\u00fcr die","og_url":"https:\/\/arbuti.com\/hu\/impresszum\/","og_site_name":"ARBUTI Hair Salon","article_publisher":"https:\/\/www.facebook.com\/Arbutihairsalon\/","article_modified_time":"2025-08-16T12:26:08+00:00","og_image":[{"width":370,"height":231,"url":"https:\/\/arbuti.com\/wp-content\/uploads\/2025\/08\/Addy-01.jpg","type":"image\/jpeg"}],"twitter_card":"summary_large_image","twitter_misc":{"Becs\u00fclt olvas\u00e1si id\u0151":"3 perc"},"schema":{"@context":"https:\/\/schema.org","@graph":[{"@type":"WebPage","@id":"https:\/\/arbuti.com\/impressum\/","url":"https:\/\/arbuti.com\/impressum\/","name":"IMPRESSUM - ARBUTI Hair Salon","isPartOf":{"@id":"https:\/\/arbuti.com\/fr\/#website"},"primaryImageOfPage":{"@id":"https:\/\/arbuti.com\/impressum\/#primaryimage"},"image":{"@id":"https:\/\/arbuti.com\/impressum\/#primaryimage"},"thumbnailUrl":"https:\/\/arbuti.com\/wp-content\/uploads\/2025\/08\/Addy-01.jpg","datePublished":"2018-09-17T08:49:13+00:00","dateModified":"2025-08-16T12:26:08+00:00","breadcrumb":{"@id":"https:\/\/arbuti.com\/impressum\/#breadcrumb"},"inLanguage":"hu","potentialAction":[{"@type":"ReadAction","target":["https:\/\/arbuti.com\/impressum\/"]}]},{"@type":"ImageObject","inLanguage":"hu","@id":"https:\/\/arbuti.com\/impressum\/#primaryimage","url":"https:\/\/arbuti.com\/wp-content\/uploads\/2025\/08\/Addy-01.jpg","contentUrl":"https:\/\/arbuti.com\/wp-content\/uploads\/2025\/08\/Addy-01.jpg"},{"@type":"BreadcrumbList","@id":"https:\/\/arbuti.com\/impressum\/#breadcrumb","itemListElement":[{"@type":"ListItem","position":1,"name":"ARBUTI","item":"https:\/\/arbuti.com\/"},{"@type":"ListItem","position":2,"name":"IMPRESSUM"}]},{"@type":"WebSite","@id":"https:\/\/arbuti.com\/fr\/#website","url":"https:\/\/arbuti.com\/fr\/","name":"ARBUTI Hair Salon","description":"Friseur M\u00fcnchen","publisher":{"@id":"https:\/\/arbuti.com\/fr\/#organization"},"alternateName":"ARBUTI","potentialAction":[{"@type":"SearchAction","target":{"@type":"EntryPoint","urlTemplate":"https:\/\/arbuti.com\/fr\/?s={search_term_string}"},"query-input":{"@type":"PropertyValueSpecification","valueRequired":true,"valueName":"search_term_string"}}],"inLanguage":"hu"},{"@type":"Organization","@id":"https:\/\/arbuti.com\/fr\/#organization","name":"ARBUTI Hair Salon","alternateName":"ARBUTI","url":"https:\/\/arbuti.com\/fr\/","logo":{"@type":"ImageObject","inLanguage":"hu","@id":"https:\/\/arbuti.com\/fr\/#\/schema\/logo\/image\/","url":"https:\/\/arbuti.com\/wp-content\/uploads\/2020\/04\/cropped-Arbuti-Friseur-Muenchen.jpg","contentUrl":"https:\/\/arbuti.com\/wp-content\/uploads\/2020\/04\/cropped-Arbuti-Friseur-Muenchen.jpg","width":512,"height":512,"caption":"ARBUTI Hair Salon"},"image":{"@id":"https:\/\/arbuti.com\/fr\/#\/schema\/logo\/image\/"},"sameAs":["https:\/\/www.facebook.com\/Arbutihairsalon\/","https:\/\/www.instagram.com\/arbutihairsalon\/","https:\/\/www.pinterest.de\/arbutihairsalon\/arbuti-hair-salon\/"]}]}},"uagb_featured_image_src":{"full":false,"thumbnail":false,"medium":false,"medium_large":false,"large":false,"1536x1536":false,"2048x2048":false,"trp-custom-language-flag":false,"wp_review_large":false,"wp_review_small":false},"uagb_author_info":{"display_name":"admin","author_link":"https:\/\/arbuti.com\/hu\/author\/admin\/"},"uagb_comment_info":0,"uagb_excerpt":"Verantwortlich f\u00fcr den Inhalt: Ust-IdNr.: DE308046984 Alternative Streitbeilegung: Die Europ\u00e4ische Kommission stellt eine Plattform f\u00fcr die au\u00dfergerichtliche Online-Streitbeilegung (OS-Plattform) bereit, [&hellip;]","_links":{"self":[{"href":"https:\/\/arbuti.com\/hu\/wp-json\/wp\/v2\/pages\/1323","targetHints":{"allow":["GET"]}}],"collection":[{"href":"https:\/\/arbuti.com\/hu\/wp-json\/wp\/v2\/pages"}],"about":[{"href":"https:\/\/arbuti.com\/hu\/wp-json\/wp\/v2\/types\/page"}],"author":[{"embeddable":true,"href":"https:\/\/arbuti.com\/hu\/wp-json\/wp\/v2\/users\/1"}],"replies":[{"embeddable":true,"href":"https:\/\/arbuti.com\/hu\/wp-json\/wp\/v2\/comments?post=1323"}],"version-history":[{"count":14,"href":"https:\/\/arbuti.com\/hu\/wp-json\/wp\/v2\/pages\/1323\/revisions"}],"predecessor-version":[{"id":14753,"href":"https:\/\/arbuti.com\/hu\/wp-json\/wp\/v2\/pages\/1323\/revisions\/14753"}],"wp:attachment":[{"href":"https:\/\/arbuti.com\/hu\/wp-json\/wp\/v2\/media?parent=1323"}],"curies":[{"name":"wp","href":"https:\/\/api.w.org\/{rel}","templated":true}]}}