{"id":1323,"date":"2018-09-17T08:49:13","date_gmt":"2018-09-17T08:49:13","guid":{"rendered":"http:\/\/muenchenfriseur.com\/?page_id=1323"},"modified":"2025-08-16T12:26:08","modified_gmt":"2025-08-16T12:26:08","slug":"impressum","status":"publish","type":"page","link":"https:\/\/arbuti.com\/fr\/impression\/","title":{"rendered":"IMPRINT"},"content":{"rendered":"<p><b style=\"font-size: 1rem;\">Responsable du contenu :<\/b><\/p>\n<p><a href=\"https:\/\/arbuti.com\/wp-content\/uploads\/2025\/08\/Addy-01.jpg\"><img loading=\"lazy\" decoding=\"async\" class=\"alignnone wp-image-14751\" src=\"https:\/\/arbuti.com\/wp-content\/uploads\/2025\/08\/Addy-01.jpg\" alt=\"\" width=\"131\" height=\"82\" srcset=\"https:\/\/arbuti.com\/wp-content\/uploads\/2025\/08\/Addy-01.jpg 370w, https:\/\/arbuti.com\/wp-content\/uploads\/2025\/08\/Addy-01-300x187.jpg 300w, https:\/\/arbuti.com\/wp-content\/uploads\/2025\/08\/Addy-01-18x12.jpg 18w, https:\/\/arbuti.com\/wp-content\/uploads\/2025\/08\/Addy-01-320x200.jpg 320w\" sizes=\"auto, (max-width: 131px) 100vw, 131px\" \/><\/a><\/p>\n<p>Ust-IdNr. : DE308046984<\/p>\n<p><strong>R\u00e9solution alternative des litiges :<\/strong><\/p>\n<p>La Commission europ\u00e9enne met \u00e0 disposition une plateforme de r\u00e9solution extrajudiciaire des litiges en ligne (plateforme ODR), qui peut \u00eatre consult\u00e9e \u00e0 l'adresse suivante\u00a0<a href=\"https:\/\/ec.europa.eu\/odr\" target=\"_blank\" rel=\"noopener noreferrer\">https:\/\/ec.europa.eu\/odr<\/a>.<\/p>\n<p><b>Cr\u00e9dits photos<br \/>\n<\/b>Photos - par Arbuti<br \/>\nImages - Shutterstock.com<br \/>\npaulynn\/shutterstock.com<br \/>\nLightFieldStudios\/shutterstock.com<br \/>\nnelen\/shutterstock.com<br \/>\nshotPrimeStudio\/shutterstock.com<br \/>\nbitt24\/shutterstock.com<br \/>\nnewAfrica\/shutterstock.com<\/p>\n<p><strong>Avis de non-responsabilit\u00e9<br \/>\n<\/strong>Le contenu de ce site web est cr\u00e9\u00e9 avec le plus grand soin possible. Toutefois, le salon de coiffure Arbuti ne garantit pas l'exactitude, l'exhaustivit\u00e9 et l'actualit\u00e9 du contenu fourni. L'utilisation du contenu du site web se fait aux risques et p\u00e9rils de l'utilisateur.<\/p>\n<p>1. les liens externes :<br \/>\nDans le cas de liens externes vers des sites web de tiers (\"liens externes\"), ces sites web sont soumis \u00e0 la responsabilit\u00e9 des op\u00e9rateurs respectifs. Lors de la cr\u00e9ation des liens externes, le fournisseur a v\u00e9rifi\u00e9 que le contenu externe n'enfreignait pas la loi. \u00c0 ce moment-l\u00e0, aucune violation l\u00e9gale n'\u00e9tait apparente. Le fournisseur n'a aucune influence sur la conception et le contenu actuels et futurs des pages li\u00e9es. L'inclusion de liens externes n'implique pas que le fournisseur adopte le contenu derri\u00e8re la r\u00e9f\u00e9rence ou le lien comme le sien. Un contr\u00f4le constant des liens externes n'est pas raisonnable pour le fournisseur sans preuve concr\u00e8te de violations l\u00e9gales. Toutefois, en cas de connaissance de violations l\u00e9gales, ces liens externes seront imm\u00e9diatement supprim\u00e9s.<\/p>\n<p>2. droits d'auteur et droits d'auteur accessoires | \u00a9 copyright :<br \/>\nLes contenus publi\u00e9s sur ce site web sont soumis \u00e0 la l\u00e9gislation allemande sur le droit d'auteur et les droits voisins. Toute utilisation non autoris\u00e9e par la loi allemande sur le droit d'auteur et les droits voisins n\u00e9cessite l'accord \u00e9crit pr\u00e9alable du fournisseur ou du titulaire des droits respectifs. Cela s'applique en particulier \u00e0 la copie, \u00e0 l'\u00e9dition, \u00e0 la traduction, au stockage, au traitement ou \u00e0 la reproduction de contenus dans des bases de donn\u00e9es ou d'autres m\u00e9dias et syst\u00e8mes \u00e9lectroniques. La reproduction ou la distribution non autoris\u00e9e de contenus individuels ou de pages compl\u00e8tes n'est pas autoris\u00e9e et est punie par la loi. Seule la r\u00e9alisation de copies et de t\u00e9l\u00e9chargements pour un usage personnel, priv\u00e9 et non commercial est autoris\u00e9e. La pr\u00e9sentation de ce site web dans des cadres externes n'est autoris\u00e9e qu'avec une permission \u00e9crite.<\/p>\n<p>3. la protection des donn\u00e9es<br \/>\nEn visitant le site web du fournisseur, des informations sur l'acc\u00e8s (date, heure, page consult\u00e9e) peuvent \u00eatre stock\u00e9es. Ces donn\u00e9es ne font pas partie des donn\u00e9es personnelles, mais sont anonymis\u00e9es. Elles sont \u00e9valu\u00e9es exclusivement \u00e0 des fins statistiques. Elles ne sont pas transmises \u00e0 des tiers \u00e0 des fins commerciales ou non commerciales. Le fournisseur attire express\u00e9ment l'attention sur le fait que la transmission de donn\u00e9es sur Internet (par exemple, la communication par e-mail) est soumise \u00e0 des failles de s\u00e9curit\u00e9 et ne peut \u00eatre compl\u00e8tement prot\u00e9g\u00e9e contre l'acc\u00e8s par des tiers.<\/p>\n<p>L'utilisation des donn\u00e9es de contact de l'empreinte pour la publicit\u00e9 commerciale n'est express\u00e9ment pas souhait\u00e9e, \u00e0 moins que le fournisseur n'ait pr\u00e9alablement donn\u00e9 son accord \u00e9crit ou qu'une relation commerciale existe d\u00e9j\u00e0. Le fournisseur et toutes les personnes nomm\u00e9es sur ce site web s'opposent par la pr\u00e9sente \u00e0 toute utilisation commerciale et \u00e0 toute divulgation de leurs donn\u00e9es.<\/p>\n<p>4. Conditions particuli\u00e8res d'utilisation<br \/>\nDans la mesure o\u00f9 des conditions particuli\u00e8res d'utilisation individuelle de ce site web s'\u00e9cartent des num\u00e9ros 1 \u00e0 4 susmentionn\u00e9s, cela sera express\u00e9ment indiqu\u00e9 \u00e0 l'endroit appropri\u00e9. Dans ce cas, les conditions particuli\u00e8res d'utilisation s'appliquent dans le cas individuel respectif.<\/p>","protected":false},"excerpt":{"rendered":"<p>Verantwortlich f\u00fcr den Inhalt: Ust-IdNr.: DE308046984 Alternative Streitbeilegung: Die Europ\u00e4ische Kommission stellt eine Plattform f\u00fcr die au\u00dfergerichtliche Online-Streitbeilegung (OS-Plattform) bereit, [&hellip;]<\/p>","protected":false},"author":1,"featured_media":0,"parent":0,"menu_order":0,"comment_status":"closed","ping_status":"closed","template":"","meta":{"ub_ctt_via":"","_uag_custom_page_level_css":"","site-sidebar-layout":"default","site-content-layout":"default","ast-site-content-layout":"default","site-content-style":"default","site-sidebar-style":"default","ast-global-header-display":"","ast-banner-title-visibility":"","ast-main-header-display":"","ast-hfb-above-header-display":"","ast-hfb-below-header-display":"","ast-hfb-mobile-header-display":"","site-post-title":"","ast-breadcrumbs-content":"","ast-featured-img":"","footer-sml-layout":"","theme-transparent-header-meta":"default","adv-header-id-meta":"","stick-header-meta":"default","header-above-stick-meta":"","header-main-stick-meta":"","header-below-stick-meta":"","astra-migrate-meta-layouts":"set","ast-page-background-enabled":"default","ast-page-background-meta":{"desktop":{"background-color":"","background-image":"","background-repeat":"repeat","background-position":"center center","background-size":"auto","background-attachment":"scroll","background-type":"","background-media":"","overlay-type":"","overlay-color":"","overlay-opacity":"","overlay-gradient":""},"tablet":{"background-color":"","background-image":"","background-repeat":"repeat","background-position":"center center","background-size":"auto","background-attachment":"scroll","background-type":"","background-media":"","overlay-type":"","overlay-color":"","overlay-opacity":"","overlay-gradient":""},"mobile":{"background-color":"","background-image":"","background-repeat":"repeat","background-position":"center center","background-size":"auto","background-attachment":"scroll","background-type":"","background-media":"","overlay-type":"","overlay-color":"","overlay-opacity":"","overlay-gradient":""}},"ast-content-background-meta":{"desktop":{"background-color":"var(--ast-global-color-5)","background-image":"","background-repeat":"repeat","background-position":"center center","background-size":"auto","background-attachment":"scroll","background-type":"","background-media":"","overlay-type":"","overlay-color":"","overlay-opacity":"","overlay-gradient":""},"tablet":{"background-color":"var(--ast-global-color-5)","background-image":"","background-repeat":"repeat","background-position":"center center","background-size":"auto","background-attachment":"scroll","background-type":"","background-media":"","overlay-type":"","overlay-color":"","overlay-opacity":"","overlay-gradient":""},"mobile":{"background-color":"var(--ast-global-color-5)","background-image":"","background-repeat":"repeat","background-position":"center center","background-size":"auto","background-attachment":"scroll","background-type":"","background-media":"","overlay-type":"","overlay-color":"","overlay-opacity":"","overlay-gradient":""}},"footnotes":""},"class_list":["post-1323","page","type-page","status-publish","hentry"],"featured_image_src":null,"yoast_head":"<!-- This site is optimized with the Yoast SEO Premium plugin v25.3 (Yoast SEO v25.3) - https:\/\/yoast.com\/wordpress\/plugins\/seo\/ -->\n<title>IMPRESSUM - ARBUTI Hair Salon<\/title>\n<meta name=\"robots\" content=\"index, follow, max-snippet:-1, max-image-preview:large, max-video-preview:-1\" \/>\n<link rel=\"canonical\" href=\"https:\/\/arbuti.com\/fr\/impression\/\" \/>\n<meta property=\"og:locale\" content=\"fr_FR\" \/>\n<meta property=\"og:type\" content=\"article\" \/>\n<meta property=\"og:title\" content=\"IMPRESSUM\" \/>\n<meta property=\"og:description\" content=\"Verantwortlich f\u00fcr den Inhalt: Ust-IdNr.: DE308046984 Alternative Streitbeilegung: Die Europ\u00e4ische Kommission stellt eine Plattform f\u00fcr die\" \/>\n<meta property=\"og:url\" content=\"https:\/\/arbuti.com\/fr\/impression\/\" \/>\n<meta property=\"og:site_name\" content=\"ARBUTI Hair Salon\" \/>\n<meta property=\"article:publisher\" content=\"https:\/\/www.facebook.com\/Arbutihairsalon\/\" \/>\n<meta property=\"article:modified_time\" content=\"2025-08-16T12:26:08+00:00\" \/>\n<meta property=\"og:image\" content=\"https:\/\/arbuti.com\/wp-content\/uploads\/2025\/08\/Addy-01.jpg\" \/>\n\t<meta property=\"og:image:width\" content=\"370\" \/>\n\t<meta property=\"og:image:height\" content=\"231\" \/>\n\t<meta property=\"og:image:type\" content=\"image\/jpeg\" \/>\n<meta name=\"twitter:card\" content=\"summary_large_image\" \/>\n<meta name=\"twitter:label1\" content=\"Dur\u00e9e de lecture estim\u00e9e\" \/>\n\t<meta name=\"twitter:data1\" content=\"3 minutes\" \/>\n<script type=\"application\/ld+json\" class=\"yoast-schema-graph\">{\"@context\":\"https:\/\/schema.org\",\"@graph\":[{\"@type\":\"WebPage\",\"@id\":\"https:\/\/arbuti.com\/impressum\/\",\"url\":\"https:\/\/arbuti.com\/impressum\/\",\"name\":\"IMPRESSUM - ARBUTI Hair Salon\",\"isPartOf\":{\"@id\":\"https:\/\/arbuti.com\/fr\/#website\"},\"primaryImageOfPage\":{\"@id\":\"https:\/\/arbuti.com\/impressum\/#primaryimage\"},\"image\":{\"@id\":\"https:\/\/arbuti.com\/impressum\/#primaryimage\"},\"thumbnailUrl\":\"https:\/\/arbuti.com\/wp-content\/uploads\/2025\/08\/Addy-01.jpg\",\"datePublished\":\"2018-09-17T08:49:13+00:00\",\"dateModified\":\"2025-08-16T12:26:08+00:00\",\"breadcrumb\":{\"@id\":\"https:\/\/arbuti.com\/impressum\/#breadcrumb\"},\"inLanguage\":\"fr-FR\",\"potentialAction\":[{\"@type\":\"ReadAction\",\"target\":[\"https:\/\/arbuti.com\/impressum\/\"]}]},{\"@type\":\"ImageObject\",\"inLanguage\":\"fr-FR\",\"@id\":\"https:\/\/arbuti.com\/impressum\/#primaryimage\",\"url\":\"https:\/\/arbuti.com\/wp-content\/uploads\/2025\/08\/Addy-01.jpg\",\"contentUrl\":\"https:\/\/arbuti.com\/wp-content\/uploads\/2025\/08\/Addy-01.jpg\"},{\"@type\":\"BreadcrumbList\",\"@id\":\"https:\/\/arbuti.com\/impressum\/#breadcrumb\",\"itemListElement\":[{\"@type\":\"ListItem\",\"position\":1,\"name\":\"ARBUTI\",\"item\":\"https:\/\/arbuti.com\/\"},{\"@type\":\"ListItem\",\"position\":2,\"name\":\"IMPRESSUM\"}]},{\"@type\":\"WebSite\",\"@id\":\"https:\/\/arbuti.com\/fr\/#website\",\"url\":\"https:\/\/arbuti.com\/fr\/\",\"name\":\"ARBUTI Hair Salon\",\"description\":\"Friseur M\u00fcnchen\",\"publisher\":{\"@id\":\"https:\/\/arbuti.com\/fr\/#organization\"},\"alternateName\":\"ARBUTI\",\"potentialAction\":[{\"@type\":\"SearchAction\",\"target\":{\"@type\":\"EntryPoint\",\"urlTemplate\":\"https:\/\/arbuti.com\/fr\/?s={search_term_string}\"},\"query-input\":{\"@type\":\"PropertyValueSpecification\",\"valueRequired\":true,\"valueName\":\"search_term_string\"}}],\"inLanguage\":\"fr-FR\"},{\"@type\":\"Organization\",\"@id\":\"https:\/\/arbuti.com\/fr\/#organization\",\"name\":\"ARBUTI Hair Salon\",\"alternateName\":\"ARBUTI\",\"url\":\"https:\/\/arbuti.com\/fr\/\",\"logo\":{\"@type\":\"ImageObject\",\"inLanguage\":\"fr-FR\",\"@id\":\"https:\/\/arbuti.com\/fr\/#\/schema\/logo\/image\/\",\"url\":\"https:\/\/arbuti.com\/wp-content\/uploads\/2020\/04\/cropped-Arbuti-Friseur-Muenchen.jpg\",\"contentUrl\":\"https:\/\/arbuti.com\/wp-content\/uploads\/2020\/04\/cropped-Arbuti-Friseur-Muenchen.jpg\",\"width\":512,\"height\":512,\"caption\":\"ARBUTI Hair Salon\"},\"image\":{\"@id\":\"https:\/\/arbuti.com\/fr\/#\/schema\/logo\/image\/\"},\"sameAs\":[\"https:\/\/www.facebook.com\/Arbutihairsalon\/\",\"https:\/\/www.instagram.com\/arbutihairsalon\/\",\"https:\/\/www.pinterest.de\/arbutihairsalon\/arbuti-hair-salon\/\"]}]}<\/script>\n<!-- \/ Yoast SEO Premium plugin. -->","yoast_head_json":{"title":"IMPRESSUM - ARBUTI Hair Salon","robots":{"index":"index","follow":"follow","max-snippet":"max-snippet:-1","max-image-preview":"max-image-preview:large","max-video-preview":"max-video-preview:-1"},"canonical":"https:\/\/arbuti.com\/fr\/impression\/","og_locale":"fr_FR","og_type":"article","og_title":"IMPRESSUM","og_description":"Verantwortlich f\u00fcr den Inhalt: Ust-IdNr.: DE308046984 Alternative Streitbeilegung: Die Europ\u00e4ische Kommission stellt eine Plattform f\u00fcr die","og_url":"https:\/\/arbuti.com\/fr\/impression\/","og_site_name":"ARBUTI Hair Salon","article_publisher":"https:\/\/www.facebook.com\/Arbutihairsalon\/","article_modified_time":"2025-08-16T12:26:08+00:00","og_image":[{"width":370,"height":231,"url":"https:\/\/arbuti.com\/wp-content\/uploads\/2025\/08\/Addy-01.jpg","type":"image\/jpeg"}],"twitter_card":"summary_large_image","twitter_misc":{"Dur\u00e9e de lecture estim\u00e9e":"3 minutes"},"schema":{"@context":"https:\/\/schema.org","@graph":[{"@type":"WebPage","@id":"https:\/\/arbuti.com\/impressum\/","url":"https:\/\/arbuti.com\/impressum\/","name":"IMPRESSUM - ARBUTI Hair Salon","isPartOf":{"@id":"https:\/\/arbuti.com\/fr\/#website"},"primaryImageOfPage":{"@id":"https:\/\/arbuti.com\/impressum\/#primaryimage"},"image":{"@id":"https:\/\/arbuti.com\/impressum\/#primaryimage"},"thumbnailUrl":"https:\/\/arbuti.com\/wp-content\/uploads\/2025\/08\/Addy-01.jpg","datePublished":"2018-09-17T08:49:13+00:00","dateModified":"2025-08-16T12:26:08+00:00","breadcrumb":{"@id":"https:\/\/arbuti.com\/impressum\/#breadcrumb"},"inLanguage":"fr-FR","potentialAction":[{"@type":"ReadAction","target":["https:\/\/arbuti.com\/impressum\/"]}]},{"@type":"ImageObject","inLanguage":"fr-FR","@id":"https:\/\/arbuti.com\/impressum\/#primaryimage","url":"https:\/\/arbuti.com\/wp-content\/uploads\/2025\/08\/Addy-01.jpg","contentUrl":"https:\/\/arbuti.com\/wp-content\/uploads\/2025\/08\/Addy-01.jpg"},{"@type":"BreadcrumbList","@id":"https:\/\/arbuti.com\/impressum\/#breadcrumb","itemListElement":[{"@type":"ListItem","position":1,"name":"ARBUTI","item":"https:\/\/arbuti.com\/"},{"@type":"ListItem","position":2,"name":"IMPRESSUM"}]},{"@type":"WebSite","@id":"https:\/\/arbuti.com\/fr\/#website","url":"https:\/\/arbuti.com\/fr\/","name":"ARBUTI Hair Salon","description":"Friseur M\u00fcnchen","publisher":{"@id":"https:\/\/arbuti.com\/fr\/#organization"},"alternateName":"ARBUTI","potentialAction":[{"@type":"SearchAction","target":{"@type":"EntryPoint","urlTemplate":"https:\/\/arbuti.com\/fr\/?s={search_term_string}"},"query-input":{"@type":"PropertyValueSpecification","valueRequired":true,"valueName":"search_term_string"}}],"inLanguage":"fr-FR"},{"@type":"Organization","@id":"https:\/\/arbuti.com\/fr\/#organization","name":"ARBUTI Hair Salon","alternateName":"ARBUTI","url":"https:\/\/arbuti.com\/fr\/","logo":{"@type":"ImageObject","inLanguage":"fr-FR","@id":"https:\/\/arbuti.com\/fr\/#\/schema\/logo\/image\/","url":"https:\/\/arbuti.com\/wp-content\/uploads\/2020\/04\/cropped-Arbuti-Friseur-Muenchen.jpg","contentUrl":"https:\/\/arbuti.com\/wp-content\/uploads\/2020\/04\/cropped-Arbuti-Friseur-Muenchen.jpg","width":512,"height":512,"caption":"ARBUTI Hair Salon"},"image":{"@id":"https:\/\/arbuti.com\/fr\/#\/schema\/logo\/image\/"},"sameAs":["https:\/\/www.facebook.com\/Arbutihairsalon\/","https:\/\/www.instagram.com\/arbutihairsalon\/","https:\/\/www.pinterest.de\/arbutihairsalon\/arbuti-hair-salon\/"]}]}},"uagb_featured_image_src":{"full":false,"thumbnail":false,"medium":false,"medium_large":false,"large":false,"1536x1536":false,"2048x2048":false,"trp-custom-language-flag":false,"wp_review_large":false,"wp_review_small":false},"uagb_author_info":{"display_name":"admin","author_link":"https:\/\/arbuti.com\/fr\/author\/admin\/"},"uagb_comment_info":0,"uagb_excerpt":"Verantwortlich f\u00fcr den Inhalt: Ust-IdNr.: DE308046984 Alternative Streitbeilegung: Die Europ\u00e4ische Kommission stellt eine Plattform f\u00fcr die au\u00dfergerichtliche Online-Streitbeilegung (OS-Plattform) bereit, [&hellip;]","_links":{"self":[{"href":"https:\/\/arbuti.com\/fr\/wp-json\/wp\/v2\/pages\/1323","targetHints":{"allow":["GET"]}}],"collection":[{"href":"https:\/\/arbuti.com\/fr\/wp-json\/wp\/v2\/pages"}],"about":[{"href":"https:\/\/arbuti.com\/fr\/wp-json\/wp\/v2\/types\/page"}],"author":[{"embeddable":true,"href":"https:\/\/arbuti.com\/fr\/wp-json\/wp\/v2\/users\/1"}],"replies":[{"embeddable":true,"href":"https:\/\/arbuti.com\/fr\/wp-json\/wp\/v2\/comments?post=1323"}],"version-history":[{"count":14,"href":"https:\/\/arbuti.com\/fr\/wp-json\/wp\/v2\/pages\/1323\/revisions"}],"predecessor-version":[{"id":14753,"href":"https:\/\/arbuti.com\/fr\/wp-json\/wp\/v2\/pages\/1323\/revisions\/14753"}],"wp:attachment":[{"href":"https:\/\/arbuti.com\/fr\/wp-json\/wp\/v2\/media?parent=1323"}],"curies":[{"name":"wp","href":"https:\/\/api.w.org\/{rel}","templated":true}]}}