{"id":1323,"date":"2018-09-17T08:49:13","date_gmt":"2018-09-17T08:49:13","guid":{"rendered":"http:\/\/muenchenfriseur.com\/?page_id=1323"},"modified":"2025-08-16T12:26:08","modified_gmt":"2025-08-16T12:26:08","slug":"impressum","status":"publish","type":"page","link":"https:\/\/arbuti.com\/da\/aftryk\/","title":{"rendered":"IMPRINT"},"content":{"rendered":"<p><b style=\"font-size: 1rem;\">Ansvarlig for indholdet:<\/b><\/p>\n<p><a href=\"https:\/\/arbuti.com\/wp-content\/uploads\/2025\/08\/Addy-01.jpg\"><img loading=\"lazy\" decoding=\"async\" class=\"alignnone wp-image-14751\" src=\"https:\/\/arbuti.com\/wp-content\/uploads\/2025\/08\/Addy-01.jpg\" alt=\"\" width=\"131\" height=\"82\" srcset=\"https:\/\/arbuti.com\/wp-content\/uploads\/2025\/08\/Addy-01.jpg 370w, https:\/\/arbuti.com\/wp-content\/uploads\/2025\/08\/Addy-01-300x187.jpg 300w, https:\/\/arbuti.com\/wp-content\/uploads\/2025\/08\/Addy-01-18x12.jpg 18w, https:\/\/arbuti.com\/wp-content\/uploads\/2025\/08\/Addy-01-320x200.jpg 320w\" sizes=\"auto, (max-width: 131px) 100vw, 131px\" \/><\/a><\/p>\n<p>Moms ID nr.: DE30804646984<\/p>\n<p><strong>Alternativ tvistbil\u00e6ggelse:<\/strong><\/p>\n<p>Europa-Kommissionen tilbyder en platform for udenretslig online tvistbil\u00e6ggelse (ODR-platform), som findes p\u00e5\u00a0<a href=\"https:\/\/ec.europa.eu\/odr\" target=\"_blank\" rel=\"noopener noreferrer\">https:\/\/ec.europa.eu\/odr<\/a>.<\/p>\n<p><b>Billedkreditering<br \/>\n<\/b>Billeder - af Arbuti<br \/>\nBilleder - Shutterstock.com<br \/>\npaulynn\/shutterstock.com<br \/>\nLightFieldStudios\/shutterstock.com<br \/>\nnelen\/shutterstock.com<br \/>\nshotPrimeStudio\/shutterstock.com<br \/>\nbitt24\/shutterstock.com<br \/>\nnewAfrica\/shutterstock.com<\/p>\n<p><strong>Ansvarsfraskrivelse<br \/>\n<\/strong>Indholdet af dette websted er udarbejdet med den st\u00f8rst mulige omhu. Arbuti Hair Salon garanterer dog ikke for n\u00f8jagtigheden, fuldst\u00e6ndigheden og aktualiteten af det leverede indhold. Brugen af indholdet af hjemmesiden sker p\u00e5 brugerens eget ansvar.<\/p>\n<p>1. eksterne links:<br \/>\nI tilf\u00e6lde af eksterne links til tredjeparters websteder (\"eksterne links\") er disse websteder underlagt de respektive operat\u00f8rers ansvar. Da de eksterne links blev oprettet f\u00f8rste gang, kontrollerede udbyderen det eksterne indhold for eventuelle lovovertr\u00e6delser. P\u00e5 det tidspunkt var der ingen overtr\u00e6delser af lovgivningen. Udbyderen har ingen indflydelse p\u00e5 det nuv\u00e6rende og fremtidige design og indhold af de linkede sider. Inddragelsen af eksterne links betyder ikke, at udbyderen overtager indholdet bag henvisningen eller linket som sit eget. Det er ikke rimeligt, at udbyderen konstant overv\u00e5ger de eksterne links uden konkrete tegn p\u00e5 lovovertr\u00e6delser. Hvis der bliver kendskab til lovovertr\u00e6delser, vil s\u00e5danne eksterne links dog blive slettet \u00f8jeblikkeligt.<\/p>\n<p>2. ophavsret og accessorisk ophavsret | \u00a9 copyright:<br \/>\nIndholdet p\u00e5 dette websted er omfattet af tysk ophavsret og supplerende ophavsret. Enhver brug, som ikke er tilladt i henhold til den tyske lov om ophavsret og supplerende ophavsret, kr\u00e6ver forudg\u00e5ende skriftligt samtykke fra udbyderen eller den respektive rettighedshaver. Dette g\u00e6lder is\u00e6r kopiering, redigering, overs\u00e6ttelse, lagring, behandling eller gengivelse af indhold i databaser eller andre elektroniske medier og systemer. Uautoriseret gengivelse eller overf\u00f8rsel af enkeltst\u00e5ende indhold eller hele sider er ikke tilladt og er strafbart. Det er kun tilladt at fremstille kopier og downloade til personlig, privat og ikke-kommerciel brug. Visning af dette websted i eksterne rammer er kun tilladt med skriftlig tilladelse.<\/p>\n<p>3. databeskyttelse<br \/>\nN\u00e5r du bes\u00f8ger udbyderens websted, kan der gemmes oplysninger om adgangen (dato, klokkesl\u00e6t og den viste side). Disse data h\u00f8rer ikke til personoplysninger, men er anonymiserede. De evalueres udelukkende til statistiske form\u00e5l. De videregives ikke til tredjeparter til kommercielle eller ikke-kommercielle form\u00e5l. Udbyderen g\u00f8r udtrykkeligt opm\u00e6rksom p\u00e5, at dataoverf\u00f8rsel p\u00e5 internettet (f.eks. kommunikation via e-mail) er underlagt sikkerhedshuller og ikke kan beskyttes fuldst\u00e6ndigt mod tredjeparters adgang.<\/p>\n<p>Det er udtrykkeligt ikke \u00f8nsket at bruge kontaktoplysningerne i aftrykket til kommerciel reklame, medmindre udbyderen tidligere har givet sit skriftlige samtykke eller der allerede eksisterer en forretningsforbindelse. Udbyderen og alle de personer, der er n\u00e6vnt p\u00e5 dette websted, g\u00f8r hermed indsigelse mod enhver kommerciel anvendelse og videregivelse af deres data.<\/p>\n<p>4. s\u00e6rlige vilk\u00e5r for brug<br \/>\nI det omfang s\u00e6rlige betingelser for individuel brug af dette websted afviger fra de f\u00f8rn\u00e6vnte punkter 1. til 4., vil dette udtrykkeligt blive angivet p\u00e5 det relevante sted. I dette tilf\u00e6lde g\u00e6lder de s\u00e6rlige brugsbetingelser i det p\u00e5g\u00e6ldende tilf\u00e6lde.<\/p>","protected":false},"excerpt":{"rendered":"<p>Verantwortlich f\u00fcr den Inhalt: Ust-IdNr.: DE308046984 Alternative Streitbeilegung: Die Europ\u00e4ische Kommission stellt eine Plattform f\u00fcr die au\u00dfergerichtliche Online-Streitbeilegung (OS-Plattform) bereit, [&hellip;]<\/p>","protected":false},"author":1,"featured_media":0,"parent":0,"menu_order":0,"comment_status":"closed","ping_status":"closed","template":"","meta":{"ub_ctt_via":"","_uag_custom_page_level_css":"","site-sidebar-layout":"default","site-content-layout":"default","ast-site-content-layout":"default","site-content-style":"default","site-sidebar-style":"default","ast-global-header-display":"","ast-banner-title-visibility":"","ast-main-header-display":"","ast-hfb-above-header-display":"","ast-hfb-below-header-display":"","ast-hfb-mobile-header-display":"","site-post-title":"","ast-breadcrumbs-content":"","ast-featured-img":"","footer-sml-layout":"","theme-transparent-header-meta":"default","adv-header-id-meta":"","stick-header-meta":"default","header-above-stick-meta":"","header-main-stick-meta":"","header-below-stick-meta":"","astra-migrate-meta-layouts":"set","ast-page-background-enabled":"default","ast-page-background-meta":{"desktop":{"background-color":"","background-image":"","background-repeat":"repeat","background-position":"center center","background-size":"auto","background-attachment":"scroll","background-type":"","background-media":"","overlay-type":"","overlay-color":"","overlay-opacity":"","overlay-gradient":""},"tablet":{"background-color":"","background-image":"","background-repeat":"repeat","background-position":"center center","background-size":"auto","background-attachment":"scroll","background-type":"","background-media":"","overlay-type":"","overlay-color":"","overlay-opacity":"","overlay-gradient":""},"mobile":{"background-color":"","background-image":"","background-repeat":"repeat","background-position":"center center","background-size":"auto","background-attachment":"scroll","background-type":"","background-media":"","overlay-type":"","overlay-color":"","overlay-opacity":"","overlay-gradient":""}},"ast-content-background-meta":{"desktop":{"background-color":"var(--ast-global-color-5)","background-image":"","background-repeat":"repeat","background-position":"center center","background-size":"auto","background-attachment":"scroll","background-type":"","background-media":"","overlay-type":"","overlay-color":"","overlay-opacity":"","overlay-gradient":""},"tablet":{"background-color":"var(--ast-global-color-5)","background-image":"","background-repeat":"repeat","background-position":"center center","background-size":"auto","background-attachment":"scroll","background-type":"","background-media":"","overlay-type":"","overlay-color":"","overlay-opacity":"","overlay-gradient":""},"mobile":{"background-color":"var(--ast-global-color-5)","background-image":"","background-repeat":"repeat","background-position":"center center","background-size":"auto","background-attachment":"scroll","background-type":"","background-media":"","overlay-type":"","overlay-color":"","overlay-opacity":"","overlay-gradient":""}},"footnotes":""},"class_list":["post-1323","page","type-page","status-publish","hentry"],"featured_image_src":null,"yoast_head":"<!-- This site is optimized with the Yoast SEO Premium plugin v25.3 (Yoast SEO v25.3) - https:\/\/yoast.com\/wordpress\/plugins\/seo\/ -->\n<title>IMPRESSUM - ARBUTI Hair Salon<\/title>\n<meta name=\"robots\" content=\"index, follow, max-snippet:-1, max-image-preview:large, max-video-preview:-1\" \/>\n<link rel=\"canonical\" href=\"https:\/\/arbuti.com\/da\/aftryk\/\" \/>\n<meta property=\"og:locale\" content=\"da_DK\" \/>\n<meta property=\"og:type\" content=\"article\" \/>\n<meta property=\"og:title\" content=\"IMPRESSUM\" \/>\n<meta property=\"og:description\" content=\"Verantwortlich f\u00fcr den Inhalt: Ust-IdNr.: DE308046984 Alternative Streitbeilegung: Die Europ\u00e4ische Kommission stellt eine Plattform f\u00fcr die\" \/>\n<meta property=\"og:url\" content=\"https:\/\/arbuti.com\/da\/aftryk\/\" \/>\n<meta property=\"og:site_name\" content=\"ARBUTI Hair Salon\" \/>\n<meta property=\"article:publisher\" content=\"https:\/\/www.facebook.com\/Arbutihairsalon\/\" \/>\n<meta property=\"article:modified_time\" content=\"2025-08-16T12:26:08+00:00\" \/>\n<meta property=\"og:image\" content=\"https:\/\/arbuti.com\/wp-content\/uploads\/2025\/08\/Addy-01.jpg\" \/>\n\t<meta property=\"og:image:width\" content=\"370\" \/>\n\t<meta property=\"og:image:height\" content=\"231\" \/>\n\t<meta property=\"og:image:type\" content=\"image\/jpeg\" \/>\n<meta name=\"twitter:card\" content=\"summary_large_image\" \/>\n<meta name=\"twitter:label1\" content=\"Estimeret l\u00e6setid\" \/>\n\t<meta name=\"twitter:data1\" content=\"3 minutter\" \/>\n<script type=\"application\/ld+json\" class=\"yoast-schema-graph\">{\"@context\":\"https:\/\/schema.org\",\"@graph\":[{\"@type\":\"WebPage\",\"@id\":\"https:\/\/arbuti.com\/impressum\/\",\"url\":\"https:\/\/arbuti.com\/impressum\/\",\"name\":\"IMPRESSUM - ARBUTI Hair Salon\",\"isPartOf\":{\"@id\":\"https:\/\/arbuti.com\/fr\/#website\"},\"primaryImageOfPage\":{\"@id\":\"https:\/\/arbuti.com\/impressum\/#primaryimage\"},\"image\":{\"@id\":\"https:\/\/arbuti.com\/impressum\/#primaryimage\"},\"thumbnailUrl\":\"https:\/\/arbuti.com\/wp-content\/uploads\/2025\/08\/Addy-01.jpg\",\"datePublished\":\"2018-09-17T08:49:13+00:00\",\"dateModified\":\"2025-08-16T12:26:08+00:00\",\"breadcrumb\":{\"@id\":\"https:\/\/arbuti.com\/impressum\/#breadcrumb\"},\"inLanguage\":\"da-DK\",\"potentialAction\":[{\"@type\":\"ReadAction\",\"target\":[\"https:\/\/arbuti.com\/impressum\/\"]}]},{\"@type\":\"ImageObject\",\"inLanguage\":\"da-DK\",\"@id\":\"https:\/\/arbuti.com\/impressum\/#primaryimage\",\"url\":\"https:\/\/arbuti.com\/wp-content\/uploads\/2025\/08\/Addy-01.jpg\",\"contentUrl\":\"https:\/\/arbuti.com\/wp-content\/uploads\/2025\/08\/Addy-01.jpg\"},{\"@type\":\"BreadcrumbList\",\"@id\":\"https:\/\/arbuti.com\/impressum\/#breadcrumb\",\"itemListElement\":[{\"@type\":\"ListItem\",\"position\":1,\"name\":\"ARBUTI\",\"item\":\"https:\/\/arbuti.com\/\"},{\"@type\":\"ListItem\",\"position\":2,\"name\":\"IMPRESSUM\"}]},{\"@type\":\"WebSite\",\"@id\":\"https:\/\/arbuti.com\/fr\/#website\",\"url\":\"https:\/\/arbuti.com\/fr\/\",\"name\":\"ARBUTI Hair Salon\",\"description\":\"Friseur M\u00fcnchen\",\"publisher\":{\"@id\":\"https:\/\/arbuti.com\/fr\/#organization\"},\"alternateName\":\"ARBUTI\",\"potentialAction\":[{\"@type\":\"SearchAction\",\"target\":{\"@type\":\"EntryPoint\",\"urlTemplate\":\"https:\/\/arbuti.com\/fr\/?s={search_term_string}\"},\"query-input\":{\"@type\":\"PropertyValueSpecification\",\"valueRequired\":true,\"valueName\":\"search_term_string\"}}],\"inLanguage\":\"da-DK\"},{\"@type\":\"Organization\",\"@id\":\"https:\/\/arbuti.com\/fr\/#organization\",\"name\":\"ARBUTI Hair Salon\",\"alternateName\":\"ARBUTI\",\"url\":\"https:\/\/arbuti.com\/fr\/\",\"logo\":{\"@type\":\"ImageObject\",\"inLanguage\":\"da-DK\",\"@id\":\"https:\/\/arbuti.com\/fr\/#\/schema\/logo\/image\/\",\"url\":\"https:\/\/arbuti.com\/wp-content\/uploads\/2020\/04\/cropped-Arbuti-Friseur-Muenchen.jpg\",\"contentUrl\":\"https:\/\/arbuti.com\/wp-content\/uploads\/2020\/04\/cropped-Arbuti-Friseur-Muenchen.jpg\",\"width\":512,\"height\":512,\"caption\":\"ARBUTI Hair Salon\"},\"image\":{\"@id\":\"https:\/\/arbuti.com\/fr\/#\/schema\/logo\/image\/\"},\"sameAs\":[\"https:\/\/www.facebook.com\/Arbutihairsalon\/\",\"https:\/\/www.instagram.com\/arbutihairsalon\/\",\"https:\/\/www.pinterest.de\/arbutihairsalon\/arbuti-hair-salon\/\"]}]}<\/script>\n<!-- \/ Yoast SEO Premium plugin. -->","yoast_head_json":{"title":"IMPRESSUM - ARBUTI Hair Salon","robots":{"index":"index","follow":"follow","max-snippet":"max-snippet:-1","max-image-preview":"max-image-preview:large","max-video-preview":"max-video-preview:-1"},"canonical":"https:\/\/arbuti.com\/da\/aftryk\/","og_locale":"da_DK","og_type":"article","og_title":"IMPRESSUM","og_description":"Verantwortlich f\u00fcr den Inhalt: Ust-IdNr.: DE308046984 Alternative Streitbeilegung: Die Europ\u00e4ische Kommission stellt eine Plattform f\u00fcr die","og_url":"https:\/\/arbuti.com\/da\/aftryk\/","og_site_name":"ARBUTI Hair Salon","article_publisher":"https:\/\/www.facebook.com\/Arbutihairsalon\/","article_modified_time":"2025-08-16T12:26:08+00:00","og_image":[{"width":370,"height":231,"url":"https:\/\/arbuti.com\/wp-content\/uploads\/2025\/08\/Addy-01.jpg","type":"image\/jpeg"}],"twitter_card":"summary_large_image","twitter_misc":{"Estimeret l\u00e6setid":"3 minutter"},"schema":{"@context":"https:\/\/schema.org","@graph":[{"@type":"WebPage","@id":"https:\/\/arbuti.com\/impressum\/","url":"https:\/\/arbuti.com\/impressum\/","name":"IMPRESSUM - ARBUTI Hair Salon","isPartOf":{"@id":"https:\/\/arbuti.com\/fr\/#website"},"primaryImageOfPage":{"@id":"https:\/\/arbuti.com\/impressum\/#primaryimage"},"image":{"@id":"https:\/\/arbuti.com\/impressum\/#primaryimage"},"thumbnailUrl":"https:\/\/arbuti.com\/wp-content\/uploads\/2025\/08\/Addy-01.jpg","datePublished":"2018-09-17T08:49:13+00:00","dateModified":"2025-08-16T12:26:08+00:00","breadcrumb":{"@id":"https:\/\/arbuti.com\/impressum\/#breadcrumb"},"inLanguage":"da-DK","potentialAction":[{"@type":"ReadAction","target":["https:\/\/arbuti.com\/impressum\/"]}]},{"@type":"ImageObject","inLanguage":"da-DK","@id":"https:\/\/arbuti.com\/impressum\/#primaryimage","url":"https:\/\/arbuti.com\/wp-content\/uploads\/2025\/08\/Addy-01.jpg","contentUrl":"https:\/\/arbuti.com\/wp-content\/uploads\/2025\/08\/Addy-01.jpg"},{"@type":"BreadcrumbList","@id":"https:\/\/arbuti.com\/impressum\/#breadcrumb","itemListElement":[{"@type":"ListItem","position":1,"name":"ARBUTI","item":"https:\/\/arbuti.com\/"},{"@type":"ListItem","position":2,"name":"IMPRESSUM"}]},{"@type":"WebSite","@id":"https:\/\/arbuti.com\/fr\/#website","url":"https:\/\/arbuti.com\/fr\/","name":"ARBUTI Hair Salon","description":"Friseur M\u00fcnchen","publisher":{"@id":"https:\/\/arbuti.com\/fr\/#organization"},"alternateName":"ARBUTI","potentialAction":[{"@type":"SearchAction","target":{"@type":"EntryPoint","urlTemplate":"https:\/\/arbuti.com\/fr\/?s={search_term_string}"},"query-input":{"@type":"PropertyValueSpecification","valueRequired":true,"valueName":"search_term_string"}}],"inLanguage":"da-DK"},{"@type":"Organization","@id":"https:\/\/arbuti.com\/fr\/#organization","name":"ARBUTI Hair Salon","alternateName":"ARBUTI","url":"https:\/\/arbuti.com\/fr\/","logo":{"@type":"ImageObject","inLanguage":"da-DK","@id":"https:\/\/arbuti.com\/fr\/#\/schema\/logo\/image\/","url":"https:\/\/arbuti.com\/wp-content\/uploads\/2020\/04\/cropped-Arbuti-Friseur-Muenchen.jpg","contentUrl":"https:\/\/arbuti.com\/wp-content\/uploads\/2020\/04\/cropped-Arbuti-Friseur-Muenchen.jpg","width":512,"height":512,"caption":"ARBUTI Hair Salon"},"image":{"@id":"https:\/\/arbuti.com\/fr\/#\/schema\/logo\/image\/"},"sameAs":["https:\/\/www.facebook.com\/Arbutihairsalon\/","https:\/\/www.instagram.com\/arbutihairsalon\/","https:\/\/www.pinterest.de\/arbutihairsalon\/arbuti-hair-salon\/"]}]}},"uagb_featured_image_src":{"full":false,"thumbnail":false,"medium":false,"medium_large":false,"large":false,"1536x1536":false,"2048x2048":false,"trp-custom-language-flag":false,"wp_review_large":false,"wp_review_small":false},"uagb_author_info":{"display_name":"admin","author_link":"https:\/\/arbuti.com\/da\/author\/admin\/"},"uagb_comment_info":0,"uagb_excerpt":"Verantwortlich f\u00fcr den Inhalt: Ust-IdNr.: DE308046984 Alternative Streitbeilegung: Die Europ\u00e4ische Kommission stellt eine Plattform f\u00fcr die au\u00dfergerichtliche Online-Streitbeilegung (OS-Plattform) bereit, [&hellip;]","_links":{"self":[{"href":"https:\/\/arbuti.com\/da\/wp-json\/wp\/v2\/pages\/1323","targetHints":{"allow":["GET"]}}],"collection":[{"href":"https:\/\/arbuti.com\/da\/wp-json\/wp\/v2\/pages"}],"about":[{"href":"https:\/\/arbuti.com\/da\/wp-json\/wp\/v2\/types\/page"}],"author":[{"embeddable":true,"href":"https:\/\/arbuti.com\/da\/wp-json\/wp\/v2\/users\/1"}],"replies":[{"embeddable":true,"href":"https:\/\/arbuti.com\/da\/wp-json\/wp\/v2\/comments?post=1323"}],"version-history":[{"count":14,"href":"https:\/\/arbuti.com\/da\/wp-json\/wp\/v2\/pages\/1323\/revisions"}],"predecessor-version":[{"id":14753,"href":"https:\/\/arbuti.com\/da\/wp-json\/wp\/v2\/pages\/1323\/revisions\/14753"}],"wp:attachment":[{"href":"https:\/\/arbuti.com\/da\/wp-json\/wp\/v2\/media?parent=1323"}],"curies":[{"name":"wp","href":"https:\/\/api.w.org\/{rel}","templated":true}]}}